{"id":7957,"date":"2022-11-18T12:53:34","date_gmt":"2022-11-18T11:53:34","guid":{"rendered":"http:\/\/www.vs.poeggstall.at\/vs\/?page_id=7957"},"modified":"2022-11-18T12:55:34","modified_gmt":"2022-11-18T11:55:34","slug":"klassen-2","status":"publish","type":"page","link":"http:\/\/www.vs.poeggstall.at\/vs\/klassen-2\/","title":{"rendered":"2016_17 Klassen"},"content":{"rendered":"\n<div style=\"height:100px\" aria-hidden=\"true\" class=\"wp-block-spacer\"><\/div>\n\n\n\n<h1 class=\"has-text-align-center\">Klassen der VS P\u00f6ggstall<\/h1>\n\n\n\n<h2 class=\"has-text-align-center\">Schuljahr 2016\/17<\/h2>\n\n\n\n<figure class=\"wp-block-gallery columns-1 is-cropped\"><ul class=\"blocks-gallery-grid\"><li class=\"blocks-gallery-item\"><figure><a href=\"http:\/\/www.vs.poeggstall.at\/vs\/wp-content\/uploads\/2017\/04\/Foto-Riedler-9585.jpg\"><img loading=\"lazy\" width=\"2339\" height=\"1689\" src=\"http:\/\/www.vs.poeggstall.at\/vs\/wp-content\/uploads\/2017\/04\/Foto-Riedler-9585.jpg\" alt=\"\" data-id=\"1145\" class=\"wp-image-1145\" srcset=\"http:\/\/www.vs.poeggstall.at\/vs\/wp-content\/uploads\/2017\/04\/Foto-Riedler-9585.jpg 2339w, http:\/\/www.vs.poeggstall.at\/vs\/wp-content\/uploads\/2017\/04\/Foto-Riedler-9585-300x217.jpg 300w, http:\/\/www.vs.poeggstall.at\/vs\/wp-content\/uploads\/2017\/04\/Foto-Riedler-9585-768x555.jpg 768w, http:\/\/www.vs.poeggstall.at\/vs\/wp-content\/uploads\/2017\/04\/Foto-Riedler-9585-1024x739.jpg 1024w\" sizes=\"(max-width: 2339px) 100vw, 2339px\" \/><\/a><\/figure><\/li><\/ul><\/figure>\n\n\n\n<p class=\"has-text-align-center\">1a Klasse, vVL Maria Wurzer<\/p>\n\n\n\n<hr class=\"wp-block-separator has-text-color has-background has-black-background-color has-black-color is-style-wide\"\/>\n\n\n\n<figure class=\"wp-block-gallery columns-1 is-cropped\"><ul class=\"blocks-gallery-grid\"><li class=\"blocks-gallery-item\"><figure><a href=\"http:\/\/www.vs.poeggstall.at\/vs\/wp-content\/uploads\/2017\/04\/Foto-Riedler-9592.jpg\"><img loading=\"lazy\" width=\"2339\" height=\"1689\" src=\"http:\/\/www.vs.poeggstall.at\/vs\/wp-content\/uploads\/2017\/04\/Foto-Riedler-9592.jpg\" alt=\"\" data-id=\"1147\" class=\"wp-image-1147\" srcset=\"http:\/\/www.vs.poeggstall.at\/vs\/wp-content\/uploads\/2017\/04\/Foto-Riedler-9592.jpg 2339w, http:\/\/www.vs.poeggstall.at\/vs\/wp-content\/uploads\/2017\/04\/Foto-Riedler-9592-300x217.jpg 300w, http:\/\/www.vs.poeggstall.at\/vs\/wp-content\/uploads\/2017\/04\/Foto-Riedler-9592-768x555.jpg 768w, http:\/\/www.vs.poeggstall.at\/vs\/wp-content\/uploads\/2017\/04\/Foto-Riedler-9592-1024x739.jpg 1024w\" sizes=\"(max-width: 2339px) 100vw, 2339px\" \/><\/a><\/figure><\/li><\/ul><\/figure>\n\n\n\n<p class=\"has-text-align-center\">1b Klasse, vVL Martina Fr\u00fchwirt<\/p>\n\n\n\n<hr class=\"wp-block-separator has-text-color has-background has-black-background-color has-black-color is-style-wide\"\/>\n\n\n\n<figure class=\"wp-block-gallery columns-1 is-cropped\"><ul class=\"blocks-gallery-grid\"><li class=\"blocks-gallery-item\"><figure><a href=\"http:\/\/www.vs.poeggstall.at\/vs\/wp-content\/uploads\/2017\/04\/Foto-Riedler-9611.jpg\"><img loading=\"lazy\" width=\"2339\" height=\"1689\" src=\"http:\/\/www.vs.poeggstall.at\/vs\/wp-content\/uploads\/2017\/04\/Foto-Riedler-9611.jpg\" alt=\"\" data-id=\"1129\" class=\"wp-image-1129\" srcset=\"http:\/\/www.vs.poeggstall.at\/vs\/wp-content\/uploads\/2017\/04\/Foto-Riedler-9611.jpg 2339w, http:\/\/www.vs.poeggstall.at\/vs\/wp-content\/uploads\/2017\/04\/Foto-Riedler-9611-300x217.jpg 300w, http:\/\/www.vs.poeggstall.at\/vs\/wp-content\/uploads\/2017\/04\/Foto-Riedler-9611-768x555.jpg 768w, http:\/\/www.vs.poeggstall.at\/vs\/wp-content\/uploads\/2017\/04\/Foto-Riedler-9611-1024x739.jpg 1024w\" sizes=\"(max-width: 2339px) 100vw, 2339px\" \/><\/a><\/figure><\/li><\/ul><\/figure>\n\n\n\n<p class=\"has-text-align-center\">2a Klasse VOL Alexandra B\u00f6hm<\/p>\n\n\n\n<hr class=\"wp-block-separator has-text-color has-background has-black-background-color has-black-color is-style-wide\"\/>\n\n\n\n<figure class=\"wp-block-gallery columns-1 is-cropped\"><ul class=\"blocks-gallery-grid\"><li class=\"blocks-gallery-item\"><figure><a href=\"http:\/\/www.vs.poeggstall.at\/vs\/wp-content\/uploads\/2017\/04\/Fotostudio-Riedler-9636.jpg\"><img loading=\"lazy\" width=\"2339\" height=\"1689\" src=\"http:\/\/www.vs.poeggstall.at\/vs\/wp-content\/uploads\/2017\/04\/Fotostudio-Riedler-9636.jpg\" alt=\"\" data-id=\"1135\" class=\"wp-image-1135\" srcset=\"http:\/\/www.vs.poeggstall.at\/vs\/wp-content\/uploads\/2017\/04\/Fotostudio-Riedler-9636.jpg 2339w, http:\/\/www.vs.poeggstall.at\/vs\/wp-content\/uploads\/2017\/04\/Fotostudio-Riedler-9636-300x217.jpg 300w, http:\/\/www.vs.poeggstall.at\/vs\/wp-content\/uploads\/2017\/04\/Fotostudio-Riedler-9636-768x555.jpg 768w, http:\/\/www.vs.poeggstall.at\/vs\/wp-content\/uploads\/2017\/04\/Fotostudio-Riedler-9636-1024x739.jpg 1024w\" sizes=\"(max-width: 2339px) 100vw, 2339px\" \/><\/a><\/figure><\/li><\/ul><\/figure>\n\n\n\n<p class=\"has-text-align-center\">2b Klasse, Stephanie Maier, BEd<\/p>\n\n\n\n<hr class=\"wp-block-separator has-text-color has-background has-black-background-color has-black-color is-style-wide\"\/>\n\n\n\n<figure class=\"wp-block-gallery columns-1 is-cropped\"><ul class=\"blocks-gallery-grid\"><li class=\"blocks-gallery-item\"><figure><a href=\"http:\/\/www.vs.poeggstall.at\/vs\/wp-content\/uploads\/2017\/04\/Fotostudio-Riedler-9667.jpg\"><img loading=\"lazy\" width=\"2339\" height=\"1689\" src=\"http:\/\/www.vs.poeggstall.at\/vs\/wp-content\/uploads\/2017\/04\/Fotostudio-Riedler-9667.jpg\" alt=\"\" data-id=\"1137\" class=\"wp-image-1137\" srcset=\"http:\/\/www.vs.poeggstall.at\/vs\/wp-content\/uploads\/2017\/04\/Fotostudio-Riedler-9667.jpg 2339w, http:\/\/www.vs.poeggstall.at\/vs\/wp-content\/uploads\/2017\/04\/Fotostudio-Riedler-9667-300x217.jpg 300w, http:\/\/www.vs.poeggstall.at\/vs\/wp-content\/uploads\/2017\/04\/Fotostudio-Riedler-9667-768x555.jpg 768w, http:\/\/www.vs.poeggstall.at\/vs\/wp-content\/uploads\/2017\/04\/Fotostudio-Riedler-9667-1024x739.jpg 1024w\" sizes=\"(max-width: 2339px) 100vw, 2339px\" \/><\/a><\/figure><\/li><\/ul><\/figure>\n\n\n\n<p class=\"has-text-align-center\">3a Klasse Maria Zeller-Zellhofer, BEd<\/p>\n\n\n\n<hr class=\"wp-block-separator has-text-color has-background has-black-background-color has-black-color is-style-wide\"\/>\n\n\n\n<figure class=\"wp-block-gallery columns-1 is-cropped\"><ul class=\"blocks-gallery-grid\"><li class=\"blocks-gallery-item\"><figure><a href=\"http:\/\/www.vs.poeggstall.at\/vs\/wp-content\/uploads\/2017\/04\/Foto-Riedler-9639.jpg\"><img loading=\"lazy\" width=\"2339\" height=\"1689\" src=\"http:\/\/www.vs.poeggstall.at\/vs\/wp-content\/uploads\/2017\/04\/Foto-Riedler-9639.jpg\" alt=\"\" data-id=\"1131\" class=\"wp-image-1131\" srcset=\"http:\/\/www.vs.poeggstall.at\/vs\/wp-content\/uploads\/2017\/04\/Foto-Riedler-9639.jpg 2339w, http:\/\/www.vs.poeggstall.at\/vs\/wp-content\/uploads\/2017\/04\/Foto-Riedler-9639-300x217.jpg 300w, http:\/\/www.vs.poeggstall.at\/vs\/wp-content\/uploads\/2017\/04\/Foto-Riedler-9639-768x555.jpg 768w, http:\/\/www.vs.poeggstall.at\/vs\/wp-content\/uploads\/2017\/04\/Foto-Riedler-9639-1024x739.jpg 1024w\" sizes=\"(max-width: 2339px) 100vw, 2339px\" \/><\/a><\/figure><\/li><\/ul><\/figure>\n\n\n\n<p class=\"has-text-align-center\">3b Klasse, Nicole Strasser, BEd<\/p>\n\n\n\n<hr class=\"wp-block-separator has-text-color has-background has-black-background-color has-black-color is-style-wide\"\/>\n\n\n\n<figure class=\"wp-block-gallery columns-1 is-cropped\"><ul class=\"blocks-gallery-grid\"><li class=\"blocks-gallery-item\"><figure><a href=\"http:\/\/www.vs.poeggstall.at\/vs\/wp-content\/uploads\/2017\/04\/Foto-Riedler-9682.jpg\"><img loading=\"lazy\" width=\"2339\" height=\"1689\" src=\"http:\/\/www.vs.poeggstall.at\/vs\/wp-content\/uploads\/2017\/04\/Foto-Riedler-9682.jpg\" alt=\"\" data-id=\"1133\" class=\"wp-image-1133\" srcset=\"http:\/\/www.vs.poeggstall.at\/vs\/wp-content\/uploads\/2017\/04\/Foto-Riedler-9682.jpg 2339w, http:\/\/www.vs.poeggstall.at\/vs\/wp-content\/uploads\/2017\/04\/Foto-Riedler-9682-300x217.jpg 300w, http:\/\/www.vs.poeggstall.at\/vs\/wp-content\/uploads\/2017\/04\/Foto-Riedler-9682-768x555.jpg 768w, http:\/\/www.vs.poeggstall.at\/vs\/wp-content\/uploads\/2017\/04\/Foto-Riedler-9682-1024x739.jpg 1024w\" sizes=\"(max-width: 2339px) 100vw, 2339px\" \/><\/a><\/figure><\/li><\/ul><\/figure>\n\n\n\n<p class=\"has-text-align-center\">4a Klasse, Daniela Reutner, BEd<\/p>\n\n\n\n<hr class=\"wp-block-separator has-text-color has-background has-black-background-color has-black-color is-style-wide\"\/>\n\n\n\n<figure class=\"wp-block-gallery columns-1 is-cropped\"><ul class=\"blocks-gallery-grid\"><li class=\"blocks-gallery-item\"><figure><a href=\"http:\/\/www.vs.poeggstall.at\/vs\/wp-content\/uploads\/2017\/04\/Fotostudio-Riedler-9697.jpg\"><img loading=\"lazy\" width=\"1689\" height=\"2339\" src=\"http:\/\/www.vs.poeggstall.at\/vs\/wp-content\/uploads\/2017\/04\/Fotostudio-Riedler-9697.jpg\" alt=\"\" data-id=\"1139\" class=\"wp-image-1139\" srcset=\"http:\/\/www.vs.poeggstall.at\/vs\/wp-content\/uploads\/2017\/04\/Fotostudio-Riedler-9697.jpg 1689w, http:\/\/www.vs.poeggstall.at\/vs\/wp-content\/uploads\/2017\/04\/Fotostudio-Riedler-9697-217x300.jpg 217w, http:\/\/www.vs.poeggstall.at\/vs\/wp-content\/uploads\/2017\/04\/Fotostudio-Riedler-9697-768x1064.jpg 768w, http:\/\/www.vs.poeggstall.at\/vs\/wp-content\/uploads\/2017\/04\/Fotostudio-Riedler-9697-739x1024.jpg 739w\" sizes=\"(max-width: 1689px) 100vw, 1689px\" \/><\/a><\/figure><\/li><\/ul><\/figure>\n\n\n\n<p class=\"has-text-align-center\">Aso Klasse, SOL Waltraud Bock und Katrin Zimmermann, BEd<\/p>\n\n\n\n<hr class=\"wp-block-separator has-text-color has-background has-black-background-color has-black-color is-style-wide\"\/>\n\n\n\n<p><\/p>\n","protected":false},"excerpt":{"rendered":"<p>Klassen der VS P\u00f6ggstall Schuljahr 2016\/17 1a Klasse, vVL Maria Wurzer 1b Klasse, vVL Martina Fr\u00fchwirt 2a Klasse VOL Alexandra B\u00f6hm 2b Klasse, Stephanie Maier, BEd 3a Klasse Maria Zeller-Zellhofer, BEd 3b Klasse, Nicole Strasser, BEd 4a Klasse, Daniela Reutner, &hellip; <a href=\"http:\/\/www.vs.poeggstall.at\/vs\/klassen-2\/\">Weiter<\/a><\/p>\n","protected":false},"author":3,"featured_media":0,"parent":0,"menu_order":80,"comment_status":"closed","ping_status":"closed","template":"page-fullwidth.php","meta":[],"yoast_head":"<!-- This site is optimized with the Yoast SEO plugin v16.2 - https:\/\/yoast.com\/wordpress\/plugins\/seo\/ -->\n<title>Unsere Klassen mit Lehrpersonal - Volksschule P\u00f6ggstall<\/title>\n<meta name=\"description\" content=\"Ein \u00dcberblick unserer Sch\u00fcler und Sch\u00fclerinnen mit Lehrpersonal in den jeweiligen Schulklassen der Volksschule P\u00f6ggstall.\" \/>\n<meta name=\"robots\" content=\"index, follow, max-snippet:-1, max-image-preview:large, max-video-preview:-1\" \/>\n<link rel=\"canonical\" href=\"http:\/\/www.vs.poeggstall.at\/vs\/klassen-2\/\" \/>\n<meta property=\"og:locale\" content=\"de_DE\" \/>\n<meta property=\"og:type\" content=\"article\" \/>\n<meta property=\"og:title\" content=\"Unsere Klassen mit Lehrpersonal - Volksschule P\u00f6ggstall\" \/>\n<meta property=\"og:description\" content=\"Ein \u00dcberblick unserer Sch\u00fcler und Sch\u00fclerinnen mit Lehrpersonal in den jeweiligen Schulklassen der Volksschule P\u00f6ggstall.\" \/>\n<meta property=\"og:url\" content=\"http:\/\/www.vs.poeggstall.at\/vs\/klassen-2\/\" \/>\n<meta property=\"og:site_name\" content=\"Volksschule P\u00f6ggstall\" \/>\n<meta property=\"article:modified_time\" content=\"2022-11-18T11:55:34+00:00\" \/>\n<meta property=\"og:image\" content=\"http:\/\/www.vs.poeggstall.at\/vs\/wp-content\/uploads\/2017\/04\/Foto-Riedler-9585.jpg\" \/>\n<meta name=\"twitter:card\" content=\"summary\" \/>\n<meta name=\"twitter:label1\" content=\"Gesch\u00e4tzte Lesezeit\">\n\t<meta name=\"twitter:data1\" content=\"2\u00a0Minuten\">\n<script type=\"application\/ld+json\" class=\"yoast-schema-graph\">{\"@context\":\"https:\/\/schema.org\",\"@graph\":[{\"@type\":\"WebSite\",\"@id\":\"http:\/\/www.vs.poeggstall.at\/vs\/#website\",\"url\":\"http:\/\/www.vs.poeggstall.at\/vs\/\",\"name\":\"Volksschule P\\u00f6ggstall\",\"description\":\"zukunftsorientierte Volksschule im Waldviertel\",\"potentialAction\":[{\"@type\":\"SearchAction\",\"target\":\"http:\/\/www.vs.poeggstall.at\/vs\/?s={search_term_string}\",\"query-input\":\"required name=search_term_string\"}],\"inLanguage\":\"de\"},{\"@type\":\"ImageObject\",\"@id\":\"http:\/\/www.vs.poeggstall.at\/vs\/klassen-2\/#primaryimage\",\"inLanguage\":\"de\",\"url\":\"http:\/\/www.vs.poeggstall.at\/vs\/wp-content\/uploads\/2017\/04\/Foto-Riedler-9585.jpg\",\"contentUrl\":\"http:\/\/www.vs.poeggstall.at\/vs\/wp-content\/uploads\/2017\/04\/Foto-Riedler-9585.jpg\",\"width\":2339,\"height\":1689},{\"@type\":\"WebPage\",\"@id\":\"http:\/\/www.vs.poeggstall.at\/vs\/klassen-2\/#webpage\",\"url\":\"http:\/\/www.vs.poeggstall.at\/vs\/klassen-2\/\",\"name\":\"Unsere Klassen mit Lehrpersonal - Volksschule P\\u00f6ggstall\",\"isPartOf\":{\"@id\":\"http:\/\/www.vs.poeggstall.at\/vs\/#website\"},\"primaryImageOfPage\":{\"@id\":\"http:\/\/www.vs.poeggstall.at\/vs\/klassen-2\/#primaryimage\"},\"datePublished\":\"2022-11-18T11:53:34+00:00\",\"dateModified\":\"2022-11-18T11:55:34+00:00\",\"description\":\"Ein \\u00dcberblick unserer Sch\\u00fcler und Sch\\u00fclerinnen mit Lehrpersonal in den jeweiligen Schulklassen der Volksschule P\\u00f6ggstall.\",\"breadcrumb\":{\"@id\":\"http:\/\/www.vs.poeggstall.at\/vs\/klassen-2\/#breadcrumb\"},\"inLanguage\":\"de\",\"potentialAction\":[{\"@type\":\"ReadAction\",\"target\":[\"http:\/\/www.vs.poeggstall.at\/vs\/klassen-2\/\"]}]},{\"@type\":\"BreadcrumbList\",\"@id\":\"http:\/\/www.vs.poeggstall.at\/vs\/klassen-2\/#breadcrumb\",\"itemListElement\":[{\"@type\":\"ListItem\",\"position\":1,\"item\":{\"@type\":\"WebPage\",\"@id\":\"http:\/\/www.vs.poeggstall.at\/vs\/\",\"url\":\"http:\/\/www.vs.poeggstall.at\/vs\/\",\"name\":\"Startseite\"}},{\"@type\":\"ListItem\",\"position\":2,\"item\":{\"@id\":\"http:\/\/www.vs.poeggstall.at\/vs\/klassen-2\/#webpage\"}}]}]}<\/script>\n<!-- \/ Yoast SEO plugin. -->","_links":{"self":[{"href":"http:\/\/www.vs.poeggstall.at\/vs\/wp-json\/wp\/v2\/pages\/7957"}],"collection":[{"href":"http:\/\/www.vs.poeggstall.at\/vs\/wp-json\/wp\/v2\/pages"}],"about":[{"href":"http:\/\/www.vs.poeggstall.at\/vs\/wp-json\/wp\/v2\/types\/page"}],"author":[{"embeddable":true,"href":"http:\/\/www.vs.poeggstall.at\/vs\/wp-json\/wp\/v2\/users\/3"}],"replies":[{"embeddable":true,"href":"http:\/\/www.vs.poeggstall.at\/vs\/wp-json\/wp\/v2\/comments?post=7957"}],"version-history":[{"count":2,"href":"http:\/\/www.vs.poeggstall.at\/vs\/wp-json\/wp\/v2\/pages\/7957\/revisions"}],"predecessor-version":[{"id":7963,"href":"http:\/\/www.vs.poeggstall.at\/vs\/wp-json\/wp\/v2\/pages\/7957\/revisions\/7963"}],"wp:attachment":[{"href":"http:\/\/www.vs.poeggstall.at\/vs\/wp-json\/wp\/v2\/media?parent=7957"}],"curies":[{"name":"wp","href":"https:\/\/api.w.org\/{rel}","templated":true}]}}