{"id":57,"date":"2017-04-06T15:00:50","date_gmt":"2017-04-06T13:00:50","guid":{"rendered":"http:\/\/www.vs.poeggstall.at\/vs\/?page_id=57"},"modified":"2022-11-18T13:11:55","modified_gmt":"2022-11-18T12:11:55","slug":"klassen","status":"publish","type":"page","link":"http:\/\/www.vs.poeggstall.at\/vs\/klassen\/","title":{"rendered":"2019_20 Klassen"},"content":{"rendered":"\n<div style=\"height:100px\" aria-hidden=\"true\" class=\"wp-block-spacer\"><\/div>\n\n\n\n<h1 class=\"has-text-align-center\">Klassen der VS P\u00f6ggstall<\/h1>\n\n\n\n<h2 class=\"has-text-align-center\">Klassen im Schuljahr 2019\/20<\/h2>\n\n\n\n<figure class=\"wp-block-gallery columns-1 is-cropped\"><ul class=\"blocks-gallery-grid\"><li class=\"blocks-gallery-item\"><figure><img loading=\"lazy\" width=\"2339\" height=\"1689\" src=\"http:\/\/www.vs.poeggstall.at\/vs\/wp-content\/uploads\/2017\/04\/1a201920_VS_P\u00f6ggstall.jpg\" alt=\"\" data-id=\"4639\" class=\"wp-image-4639\" srcset=\"http:\/\/www.vs.poeggstall.at\/vs\/wp-content\/uploads\/2017\/04\/1a201920_VS_P\u00f6ggstall.jpg 2339w, http:\/\/www.vs.poeggstall.at\/vs\/wp-content\/uploads\/2017\/04\/1a201920_VS_P\u00f6ggstall-300x217.jpg 300w, http:\/\/www.vs.poeggstall.at\/vs\/wp-content\/uploads\/2017\/04\/1a201920_VS_P\u00f6ggstall-768x555.jpg 768w, http:\/\/www.vs.poeggstall.at\/vs\/wp-content\/uploads\/2017\/04\/1a201920_VS_P\u00f6ggstall-1024x739.jpg 1024w\" sizes=\"(max-width: 2339px) 100vw, 2339px\" \/><\/figure><\/li><\/ul><\/figure>\n\n\n\n<p class=\"has-text-align-center\">1a Klasse &#8211; BEd Stefanie Groiss<\/p>\n\n\n\n<hr class=\"wp-block-separator has-text-color has-background has-black-background-color has-black-color is-style-wide\"\/>\n\n\n\n<figure class=\"wp-block-gallery columns-1 is-cropped\"><ul class=\"blocks-gallery-grid\"><li class=\"blocks-gallery-item\"><figure><img loading=\"lazy\" width=\"2339\" height=\"1689\" src=\"http:\/\/www.vs.poeggstall.at\/vs\/wp-content\/uploads\/2017\/04\/1b201920_VS_P\u00f6ggstall-2.jpg\" alt=\"\" data-id=\"4659\" class=\"wp-image-4659\" srcset=\"http:\/\/www.vs.poeggstall.at\/vs\/wp-content\/uploads\/2017\/04\/1b201920_VS_P\u00f6ggstall-2.jpg 2339w, http:\/\/www.vs.poeggstall.at\/vs\/wp-content\/uploads\/2017\/04\/1b201920_VS_P\u00f6ggstall-2-300x217.jpg 300w, http:\/\/www.vs.poeggstall.at\/vs\/wp-content\/uploads\/2017\/04\/1b201920_VS_P\u00f6ggstall-2-768x555.jpg 768w, http:\/\/www.vs.poeggstall.at\/vs\/wp-content\/uploads\/2017\/04\/1b201920_VS_P\u00f6ggstall-2-1024x739.jpg 1024w\" sizes=\"(max-width: 2339px) 100vw, 2339px\" \/><\/figure><\/li><\/ul><\/figure>\n\n\n\n<p class=\"has-text-align-center\">1b Klasse &#8211; Dipl.-P\u00e4d. Petra Dallinger-R\u00f6ster<br>SOL Waltraud Bock<\/p>\n\n\n\n<hr class=\"wp-block-separator has-text-color has-background has-black-background-color has-black-color is-style-wide\"\/>\n\n\n\n<figure class=\"wp-block-gallery columns-1 is-cropped\"><ul class=\"blocks-gallery-grid\"><li class=\"blocks-gallery-item\"><figure><img loading=\"lazy\" width=\"2339\" height=\"1689\" src=\"http:\/\/www.vs.poeggstall.at\/vs\/wp-content\/uploads\/2017\/04\/2a201920_VS_P\u00f6ggstall.jpg\" alt=\"\" data-id=\"4645\" class=\"wp-image-4645\" srcset=\"http:\/\/www.vs.poeggstall.at\/vs\/wp-content\/uploads\/2017\/04\/2a201920_VS_P\u00f6ggstall.jpg 2339w, http:\/\/www.vs.poeggstall.at\/vs\/wp-content\/uploads\/2017\/04\/2a201920_VS_P\u00f6ggstall-300x217.jpg 300w, http:\/\/www.vs.poeggstall.at\/vs\/wp-content\/uploads\/2017\/04\/2a201920_VS_P\u00f6ggstall-768x555.jpg 768w, http:\/\/www.vs.poeggstall.at\/vs\/wp-content\/uploads\/2017\/04\/2a201920_VS_P\u00f6ggstall-1024x739.jpg 1024w\" sizes=\"(max-width: 2339px) 100vw, 2339px\" \/><\/figure><\/li><\/ul><\/figure>\n\n\n\n<div class=\"wp-block-columns\">\n<div class=\"wp-block-column\" style=\"flex-basis:25%\"><\/div>\n<\/div>\n\n\n\n<hr class=\"wp-block-separator has-text-color has-background has-black-background-color has-black-color is-style-wide\"\/>\n\n\n\n<figure class=\"wp-block-gallery columns-1 is-cropped\"><ul class=\"blocks-gallery-grid\"><li class=\"blocks-gallery-item\"><figure><img loading=\"lazy\" width=\"2339\" height=\"1689\" src=\"http:\/\/www.vs.poeggstall.at\/vs\/wp-content\/uploads\/2017\/04\/3a201920_VS_P\u00f6ggstall.jpg\" alt=\"\" data-id=\"4647\" class=\"wp-image-4647\" srcset=\"http:\/\/www.vs.poeggstall.at\/vs\/wp-content\/uploads\/2017\/04\/3a201920_VS_P\u00f6ggstall.jpg 2339w, http:\/\/www.vs.poeggstall.at\/vs\/wp-content\/uploads\/2017\/04\/3a201920_VS_P\u00f6ggstall-300x217.jpg 300w, http:\/\/www.vs.poeggstall.at\/vs\/wp-content\/uploads\/2017\/04\/3a201920_VS_P\u00f6ggstall-768x555.jpg 768w, http:\/\/www.vs.poeggstall.at\/vs\/wp-content\/uploads\/2017\/04\/3a201920_VS_P\u00f6ggstall-1024x739.jpg 1024w\" sizes=\"(max-width: 2339px) 100vw, 2339px\" \/><\/figure><\/li><\/ul><\/figure>\n\n\n\n<p>3a Klasse VOL Alexandra B\u00f6hm<\/p>\n\n\n\n<hr class=\"wp-block-separator has-text-color has-background has-black-background-color has-black-color is-style-wide\"\/>\n\n\n\n<figure class=\"wp-block-gallery columns-1 is-cropped\"><ul class=\"blocks-gallery-grid\"><li class=\"blocks-gallery-item\"><figure><img loading=\"lazy\" width=\"2339\" height=\"1689\" src=\"http:\/\/www.vs.poeggstall.at\/vs\/wp-content\/uploads\/2017\/04\/4a201920_VS_P\u00f6ggstall.jpg\" alt=\"\" data-id=\"4649\" class=\"wp-image-4649\" srcset=\"http:\/\/www.vs.poeggstall.at\/vs\/wp-content\/uploads\/2017\/04\/4a201920_VS_P\u00f6ggstall.jpg 2339w, http:\/\/www.vs.poeggstall.at\/vs\/wp-content\/uploads\/2017\/04\/4a201920_VS_P\u00f6ggstall-300x217.jpg 300w, http:\/\/www.vs.poeggstall.at\/vs\/wp-content\/uploads\/2017\/04\/4a201920_VS_P\u00f6ggstall-768x555.jpg 768w, http:\/\/www.vs.poeggstall.at\/vs\/wp-content\/uploads\/2017\/04\/4a201920_VS_P\u00f6ggstall-1024x739.jpg 1024w\" sizes=\"(max-width: 2339px) 100vw, 2339px\" \/><\/figure><\/li><\/ul><\/figure>\n\n\n\n<p class=\"has-text-align-center\">4a Klasse&nbsp; Dipl.-P\u00e4d. Maria Wurzer<\/p>\n\n\n\n<hr class=\"wp-block-separator has-text-color has-background has-black-background-color has-black-color is-style-wide\"\/>\n\n\n\n<figure class=\"wp-block-gallery columns-1 is-cropped\"><ul class=\"blocks-gallery-grid\"><li class=\"blocks-gallery-item\"><figure><img loading=\"lazy\" width=\"2339\" height=\"1689\" src=\"http:\/\/www.vs.poeggstall.at\/vs\/wp-content\/uploads\/2017\/04\/4b201920_VS_P\u00f6ggstall.jpg\" alt=\"\" data-id=\"4651\" class=\"wp-image-4651\" srcset=\"http:\/\/www.vs.poeggstall.at\/vs\/wp-content\/uploads\/2017\/04\/4b201920_VS_P\u00f6ggstall.jpg 2339w, http:\/\/www.vs.poeggstall.at\/vs\/wp-content\/uploads\/2017\/04\/4b201920_VS_P\u00f6ggstall-300x217.jpg 300w, http:\/\/www.vs.poeggstall.at\/vs\/wp-content\/uploads\/2017\/04\/4b201920_VS_P\u00f6ggstall-768x555.jpg 768w, http:\/\/www.vs.poeggstall.at\/vs\/wp-content\/uploads\/2017\/04\/4b201920_VS_P\u00f6ggstall-1024x739.jpg 1024w\" sizes=\"(max-width: 2339px) 100vw, 2339px\" \/><\/figure><\/li><\/ul><\/figure>\n\n\n\n<p class=\"has-text-align-center\">4b Klasse Dipl.-P\u00e4d. Martina Fr\u00fchwirt<\/p>\n\n\n\n<hr class=\"wp-block-separator has-text-color has-background has-black-background-color has-black-color is-style-wide\"\/>\n","protected":false},"excerpt":{"rendered":"<p>Klassen der VS P\u00f6ggstall Klassen im Schuljahr 2019\/20 1a Klasse &#8211; BEd Stefanie Groiss 1b Klasse &#8211; Dipl.-P\u00e4d. Petra Dallinger-R\u00f6sterSOL Waltraud Bock 3a Klasse VOL Alexandra B\u00f6hm 4a Klasse&nbsp; Dipl.-P\u00e4d. Maria Wurzer 4b Klasse Dipl.-P\u00e4d. Martina Fr\u00fchwirt<\/p>\n","protected":false},"author":1,"featured_media":0,"parent":0,"menu_order":80,"comment_status":"closed","ping_status":"closed","template":"page-fullwidth.php","meta":[],"yoast_head":"<!-- This site is optimized with the Yoast SEO plugin v16.2 - https:\/\/yoast.com\/wordpress\/plugins\/seo\/ -->\n<title>Unsere Klassen mit Lehrpersonal - Volksschule P\u00f6ggstall<\/title>\n<meta name=\"description\" content=\"Ein \u00dcberblick unserer Sch\u00fcler und Sch\u00fclerinnen mit Lehrpersonal in den jeweiligen Schulklassen der Volksschule P\u00f6ggstall.\" \/>\n<meta name=\"robots\" content=\"index, follow, max-snippet:-1, max-image-preview:large, max-video-preview:-1\" \/>\n<link rel=\"canonical\" href=\"http:\/\/www.vs.poeggstall.at\/vs\/klassen\/\" \/>\n<meta property=\"og:locale\" content=\"de_DE\" \/>\n<meta property=\"og:type\" content=\"article\" \/>\n<meta property=\"og:title\" content=\"Unsere Klassen mit Lehrpersonal - Volksschule P\u00f6ggstall\" \/>\n<meta property=\"og:description\" content=\"Ein \u00dcberblick unserer Sch\u00fcler und Sch\u00fclerinnen mit Lehrpersonal in den jeweiligen Schulklassen der Volksschule P\u00f6ggstall.\" \/>\n<meta property=\"og:url\" content=\"http:\/\/www.vs.poeggstall.at\/vs\/klassen\/\" \/>\n<meta property=\"og:site_name\" content=\"Volksschule P\u00f6ggstall\" \/>\n<meta property=\"article:modified_time\" content=\"2022-11-18T12:11:55+00:00\" \/>\n<meta property=\"og:image\" content=\"http:\/\/www.vs.poeggstall.at\/vs\/wp-content\/uploads\/2017\/04\/1a201920_VS_P\u00f6ggstall.jpg\" \/>\n<meta name=\"twitter:card\" content=\"summary\" \/>\n<meta name=\"twitter:label1\" content=\"Gesch\u00e4tzte Lesezeit\">\n\t<meta name=\"twitter:data1\" content=\"2\u00a0Minuten\">\n<script type=\"application\/ld+json\" class=\"yoast-schema-graph\">{\"@context\":\"https:\/\/schema.org\",\"@graph\":[{\"@type\":\"WebSite\",\"@id\":\"http:\/\/www.vs.poeggstall.at\/vs\/#website\",\"url\":\"http:\/\/www.vs.poeggstall.at\/vs\/\",\"name\":\"Volksschule P\\u00f6ggstall\",\"description\":\"zukunftsorientierte Volksschule im Waldviertel\",\"potentialAction\":[{\"@type\":\"SearchAction\",\"target\":\"http:\/\/www.vs.poeggstall.at\/vs\/?s={search_term_string}\",\"query-input\":\"required name=search_term_string\"}],\"inLanguage\":\"de\"},{\"@type\":\"ImageObject\",\"@id\":\"http:\/\/www.vs.poeggstall.at\/vs\/klassen\/#primaryimage\",\"inLanguage\":\"de\",\"url\":\"http:\/\/www.vs.poeggstall.at\/vs\/wp-content\/uploads\/2017\/04\/1a201920_VS_P\\u00f6ggstall.jpg\",\"contentUrl\":\"http:\/\/www.vs.poeggstall.at\/vs\/wp-content\/uploads\/2017\/04\/1a201920_VS_P\\u00f6ggstall.jpg\",\"width\":2339,\"height\":1689},{\"@type\":\"WebPage\",\"@id\":\"http:\/\/www.vs.poeggstall.at\/vs\/klassen\/#webpage\",\"url\":\"http:\/\/www.vs.poeggstall.at\/vs\/klassen\/\",\"name\":\"Unsere Klassen mit Lehrpersonal - Volksschule P\\u00f6ggstall\",\"isPartOf\":{\"@id\":\"http:\/\/www.vs.poeggstall.at\/vs\/#website\"},\"primaryImageOfPage\":{\"@id\":\"http:\/\/www.vs.poeggstall.at\/vs\/klassen\/#primaryimage\"},\"datePublished\":\"2017-04-06T13:00:50+00:00\",\"dateModified\":\"2022-11-18T12:11:55+00:00\",\"description\":\"Ein \\u00dcberblick unserer Sch\\u00fcler und Sch\\u00fclerinnen mit Lehrpersonal in den jeweiligen Schulklassen der Volksschule P\\u00f6ggstall.\",\"breadcrumb\":{\"@id\":\"http:\/\/www.vs.poeggstall.at\/vs\/klassen\/#breadcrumb\"},\"inLanguage\":\"de\",\"potentialAction\":[{\"@type\":\"ReadAction\",\"target\":[\"http:\/\/www.vs.poeggstall.at\/vs\/klassen\/\"]}]},{\"@type\":\"BreadcrumbList\",\"@id\":\"http:\/\/www.vs.poeggstall.at\/vs\/klassen\/#breadcrumb\",\"itemListElement\":[{\"@type\":\"ListItem\",\"position\":1,\"item\":{\"@type\":\"WebPage\",\"@id\":\"http:\/\/www.vs.poeggstall.at\/vs\/\",\"url\":\"http:\/\/www.vs.poeggstall.at\/vs\/\",\"name\":\"Startseite\"}},{\"@type\":\"ListItem\",\"position\":2,\"item\":{\"@id\":\"http:\/\/www.vs.poeggstall.at\/vs\/klassen\/#webpage\"}}]}]}<\/script>\n<!-- \/ Yoast SEO plugin. -->","_links":{"self":[{"href":"http:\/\/www.vs.poeggstall.at\/vs\/wp-json\/wp\/v2\/pages\/57"}],"collection":[{"href":"http:\/\/www.vs.poeggstall.at\/vs\/wp-json\/wp\/v2\/pages"}],"about":[{"href":"http:\/\/www.vs.poeggstall.at\/vs\/wp-json\/wp\/v2\/types\/page"}],"author":[{"embeddable":true,"href":"http:\/\/www.vs.poeggstall.at\/vs\/wp-json\/wp\/v2\/users\/1"}],"replies":[{"embeddable":true,"href":"http:\/\/www.vs.poeggstall.at\/vs\/wp-json\/wp\/v2\/comments?post=57"}],"version-history":[{"count":80,"href":"http:\/\/www.vs.poeggstall.at\/vs\/wp-json\/wp\/v2\/pages\/57\/revisions"}],"predecessor-version":[{"id":7991,"href":"http:\/\/www.vs.poeggstall.at\/vs\/wp-json\/wp\/v2\/pages\/57\/revisions\/7991"}],"wp:attachment":[{"href":"http:\/\/www.vs.poeggstall.at\/vs\/wp-json\/wp\/v2\/media?parent=57"}],"curies":[{"name":"wp","href":"https:\/\/api.w.org\/{rel}","templated":true}]}}